{"version":"1.0","provider_name":"pszicho blog weblap","provider_url":"https:\/\/weblap.cafeblog.hu","author_name":"dr.kallay","author_url":"https:\/\/weblap.cafeblog.hu\/author\/dr_kallay\/","title":"Craig Clevenger: A gumiember","html":"<p style=\"padding-left: 30px\">\u00c9rdekess\u00e9gk\u00e9nt elmondan\u00e1m, hogy ennek a j\u00f3 p\u00e1r \u00e9ve \u00edrt kis kritik\u00e1nak <strong>az els\u0151 bekezd\u00e9se<\/strong> sz\u00e1momra \u00e9rthetetlen m\u00f3don <em>mint Tisza Kata-citatum<\/em> \u00e9rhet\u0151 el egy online id\u00e9zetgy\u0171jtem\u00e9nyben. Legjobb eml\u00e9kezetem szerint \u00e9n ezt a valamelyest pszichi\u00e1teri szakm\u00e1mba v\u00e1g\u00f3 reg\u00e9nyr\u0151l \u00edrt cikkecsk\u00e9t soha nem publik\u00e1ltam, mind\u00f6ssze M. Tam\u00e1s egri bar\u00e1tomnak k\u00fcldtem el keletkez\u00e9se idej\u00e9n (kb 2010?). Igaz, p\u00e1rszor dr\u00e1mater\u00e1pi\u00e1s foglalkoz\u00e1son is felolvastam... Ez az eg\u00e9sz sz\u00e1momra kiss\u00e9 \u00e9rthetetlen. M\u00e9ghogy pont <a href=\"https:\/\/www.tisza-forras.hu\/\" target=\"_blank\" rel=\"noopener\">Tisza Kata<\/a>... Na mindegy, keveredtem \u00e9n m\u00e1r pl\u00e1giumvit\u00e1ba k\u00e9tszer is kor\u00e1bban - ezt most kihagyn\u00e1m, de a kis critic hadd archiv\u00e1l\u00f3dj\u00e9k ehelyt.<\/p>\r\n<hr \/><hr \/>\r\n<p><em>Friss\u00edt\u00e9s 18.08.17\u00a0<\/em><\/p>\r\n<h2>Helyesb\u00edtett a Cit\u00e1tum.Hu<\/h2>\r\n<p>Ilyen se t\u00f6rt\u00e9nt velem eddig. Kedves levelet kaptam a szerkeszt\u0151t\u0151l, amelyben err\u0151l t\u00e1j\u00e9koztatott:<\/p>\r\n<p><img class=\"aligncenter wp-image-244 size-full\" src=\"https:\/\/weblap.cafeblog.hu\/files\/2018\/06\/citatum-tisza-kata.jpg\" alt=\"cit\u00e1tum: nem Tisza Kata\" width=\"569\" height=\"609\" \/><\/p>\r\n<p>K\u00f6sz\u00f6n\u00f6m a helyesb\u00edt\u00e9st. De az\u00e9rt az, hogy nem sz\u00e1m\u00edtok h\u00edresnek, kicsit zokon esett. L\u00e1sd <a href=\"https:\/\/www.citatum.hu\/idezet\/50975\">itt<\/a>.<\/p>\r\n<hr \/>\r\n<p>\u00c9s akkor m\u00e1r t\u00e9nyleg a kritika...<\/p>\r\n<h2>Craig Clevenger: A gumiember<\/h2>\r\n<h3>avagy\u00a0John Dolan Vincent mi vagyunk<\/h3>\r\n<p><img class=\"alignright wp-image-225 size-medium\" src=\"https:\/\/weblap.cafeblog.hu\/files\/2018\/06\/craig-clevenger-gumiember-190x300.jpg\" alt=\"Craig Clevenger: A gumiember\" width=\"190\" height=\"300\" \/>Mi\u00e9rt szeret bele a n\u0151 egy csal\u00f3ba? Egy sorozathazudoz\u00f3ba, aki r\u00e1ad\u00e1sul pszichi\u00e1triai kezel\u00e9s alatt \u00e1ll? Egy k\u00e1b\u00edt\u00f3szerf\u00fcgg\u0151be, akinek az alvil\u00e1g j\u00e1r a nyom\u00e1ban? Akinek az eg\u00e9sz \u00e9lete \u00f6rd\u00f6gi r\u00e9szletess\u00e9ggel megtervezett agysz\u00fclem\u00e9ny? Pontosan az\u00e9rt, ami\u00e9rt menek\u00fcl is el\u0151le. Mert \u0151 maga is legal\u00e1bb akkora, ha nem m\u00e9g s\u00falyosabb csal\u00f3.<\/p>\r\n<p>Ilyenek vagyunk, ezek vagyunk. \u00c9s v\u00e9g\u00fcl mindig megtal\u00e1ljuk a m\u00e1sikat, akiben szemben\u00e9z\u00fcnk \u00f6nmagunkkal.\u00a0John Dolan Vincent mi vagyunk.\u00a0S hogy el b\u00edrjuk-e viselni a k\u00ednos szembes\u00fcl\u00e9s ut\u00e1ni felismer\u00e9st?<\/p>\r\n<p>A szerz\u0151nek \u00e9s h\u0151s\u00e9nek egyar\u00e1nt brili\u00e1ns az \u00e9szj\u00e1r\u00e1sa. Mert Clevenger leny\u0171g\u00f6z\u0151en intelligens, ez\u00e9rt lehet az Vincent is. Mindent tud p\u00e9d\u00e1ul a gy\u00f3gyszerek t\u00faladagol\u00e1s\u00e1r\u00f3l, \u00e1tl\u00e1t \u00e9vtizedes tapasztalat\u00fa pszichi\u00e1tereken - ezt szakmai tapasztalatom alapj\u00e1n bizton \u00e1ll\u00edthatom. Engem is sim\u00e1n \u00e1tdobna a pal\u00e1nkon.<\/p>\r\n<p><em>Venszaan<\/em>\u00a0egyszerre j\u00e1r t\u00fal a hat\u00f3s\u00e1gok \u00e9s azok \u00fcld\u00f6z\u00f6tteinek esz\u00e9n, <strong>ismeri a j\u00f6v\u0151t, miel\u0151tt megismern\u00e9<\/strong>. (Pszichobubusok azt mondan\u00e1k: <em>ez a tudatel\u0151zetes<\/em>; posztmodern filoszok meg azt: <em>a bek\u00f6vetkez\u00e9s megel\u0151z\u00f6tts\u00e9ge<\/em>). Tudja, hogy m\u0171k\u00f6dik az alvil\u00e1g, hidegr\u00e1z\u00f3-pontosan, mik\u00f6zben olyan makul\u00e1tlan k\u00e9zzel csal, hogy belef\u00e1jdul a sz\u00edv. Nem tartozik k\u00f6z\u00e9j\u00fck - de akkor mit keres m\u00e9gis ott? A hat\u00e1r penge\u00e9lnyi, \u00e9s nincs el\u0151zetes figyelmeztet\u00e9s. Adrenalin \u00e9s magasfesz\u00fclts\u00e9g. K\u00ednz\u00f3an <em>bevonz\u00f3 szerelem<\/em>, t\u00fal\u00e1rad\u00f3 testnedvek n\u00e9lk\u00fcl.<\/p>\r\n<p>Craig Clevenger kort\u00e1rs amerikai \u00edr\u00f3. Saj\u00e1t elmond\u00e1sa szerint az\u00e9rt \u00edrta meg <em>A Gumiember<\/em>t, mert rettenetesen d\u00fch\u00edtette, hogy olyan vil\u00e1gban kell \u00e9lnie, ahol a <strong>m\u00e1ni\u00e1s depresszi\u00f3<\/strong> meg a <strong>szexu\u00e1lis\u00a0bipolarit\u00e1s<\/strong> a k\u00f6znyelv r\u00e9sze, mindenki szak\u00e9rt\u0151k\u00e9nt viselkedik, diagn\u00f3zisokkal dob\u00e1l\u00f3zik, mik\u00f6zben \u00e9letvesz\u00e9lyes vizeken evez.\u00a0<\/p>\r\n<p>A k\u00f6nyv eredeti, 2002-es megjelen\u00e9sekor att\u00f3l f\u00e9lt, hogy a pszichi\u00e1tri\u00e1ra m\u00e9rt t\u00e1mad\u00e1sk\u00e9nt \u00e9rtelmezik majd m\u0171v\u00e9t, holott \u00e9ppen ellenkez\u0151leg, <em>a modern orvostudom\u00e1ny popkult\u00far\u00e1v\u00e1 sil\u00e1nyul\u00e1s\u00e1val vitatkozik<\/em>. Harag. F\u00e9lelem. Vesztes\u00e9g. Ezeket hivatott John Dolan Vincent Gumiemberk\u00e9nt a vil\u00e1gnak k\u00f6zvet\u00edteni.<\/p>\r\n<p>Fat\u00e1lisan f\u00e9lre fognak \u00e9rteni. Mert f\u00e9lre akarnak \u00e9rteni. Meg kell semmis\u00fcln\u00f6d. V\u00e1ltogatnod kell az arcod. \u00c9leteket kell gy\u00e1rtanod. Ez az egyetlen lehets\u00e9ges menek\u00fcl\u00e9si \u00fatvonal. Csak gumiemberk\u00e9nt elk\u00e9pzelhet\u0151 h\u00e1t az \u00e9let? De milyen \u00e9let? \u00c9s h\u00e1ny gumiember f\u00e9r el benned? H\u00e1ny n\u00e9v, h\u00e1ny m\u00falt? H\u00e1nyat b\u00edr el a m\u00e1jad? \u00c9s h\u00e1nyat a sz\u00edved? A pszich\u00e9d? Mi j\u00f6het a megvil\u00e1gosod\u00e1s pillanata ut\u00e1n? \u201eA fuldokl\u00f3 ember \u00edg\u00e9rete. Junkie-szerencsej\u00e1t\u00e9kos \u00edg\u00e9rete: megjavulok, k\u00e9rek seg\u00edts\u00e9get.\u201d<\/p>\r\n<p>Aki elolvassa, p\u00e1ly\u00e1t v\u00e1lt. \u00c9n is abbahagytam egy id\u0151re j\u00f3l j\u00f6vedelmez\u0151 praxisomat.<\/p>\r\n<hr \/>","type":"rich","thumbnail_url":"https:\/\/weblap.cafeblog.hu\/files\/2018\/06\/craig-clevenger-gumiember-150x150.jpg","thumbnail_width":150,"thumbnail_height":150}